{"id":4974,"date":"2022-12-01T17:36:02","date_gmt":"2022-12-01T17:36:02","guid":{"rendered":"https:\/\/fundaciomiquelvalls.org\/articles-solidaris-ela-iniciatives\/"},"modified":"2024-09-09T08:20:48","modified_gmt":"2024-09-09T08:20:48","slug":"articulos-solidarios-ela-iniciativas","status":"publish","type":"page","link":"https:\/\/fundaciomiquelvalls.org\/es\/articulos_solidarios_contra_ela\/articulos-solidarios-ela-iniciativas\/","title":{"rendered":"Art\u00edculos de Iniciativas Solidarias contra la ELA"},"content":{"rendered":"<p>[vc_row][vc_column][vc_empty_space][vc_column_text]<\/p>\n<h3 class=\"block-title\"><a href=\"https:\/\/42krunning.com\/tienda\/rincon-solidario\/kmsxela\" target=\"_blank\" rel=\"noopener\">KMS x ELA<\/a><\/h3>\n<p>[\/vc_column_text][\/vc_column][\/vc_row][vc_row][vc_column width=\u00bb1\/2&#8243;][vc_single_image image=\u00bb6281&#8243; img_size=\u00bb300&#215;400&#8243; alignment=\u00bbcenter\u00bb onclick=\u00bbcustom_link\u00bb img_link_target=\u00bb_blank\u00bb link=\u00bbhttps:\/\/42krunning.com\/tienda\/rincon-solidario\/kmsxela\u00bb][\/vc_column][vc_column width=\u00bb1\/2&#8243;][vc_column_text]<strong>Kmsxela<\/strong><\/p>\n<p>KMSXELA es una iniciativa particular surgida de la determinaci\u00f3n de un aficionado al running, Xavi, para echar una mano para ayudar a dar visibilidad de la ELA y adem\u00e1s colaborar en la recaudaci\u00f3n de fondos.<\/p>\n<p>Las camisetas running kmsxela fueron las primeras piezas t\u00e9cnicas que vieron la luz y m\u00e1s tarde se sumaron otros productos t\u00e9cnicos como sudaderas, bandanas, manguitos&#8230;<\/p>\n<p>Una parte del importe de estos productos solidarios kmsxela se da la Fundaci\u00f3n Catalana de ELA Miquel Valls gracias a la empresa 42K.<\/p>\n<p>Puede encontrar todas las piezas solidarias en <strong><a href=\"http:\/\/www.42krunning.com\/tienda\/rincon-solidario\/kmsxela\/\">www.42krunning.com\/tienda\/rincon-solidario\/kmsxela\/<\/a><\/strong>[\/vc_column_text][\/vc_column][\/vc_row][vc_row][vc_column][vc_empty_space][vc_column_text]<\/p>\n<h3 class=\"block-title\"><a href=\"https:\/\/ca.cuentomanoamiga.org\/\" target=\"_blank\" rel=\"noopener\">MANO AMIGA<\/a><\/h3>\n<p>[\/vc_column_text][\/vc_column][\/vc_row][vc_row][vc_column width=\u00bb1\/2&#8243;][vc_single_image image=\u00bb4158&#8243; img_size=\u00bblarge\u00bb onclick=\u00bbcustom_link\u00bb img_link_target=\u00bb_blank\u00bb link=\u00bbhttp:\/\/ca.cuentomanoamiga.org\/\u00bb][\/vc_column][vc_column width=\u00bb1\/2&#8243;][vc_column_text]<strong>La solidaridad, explicada a los m\u00e1s peque\u00f1os.<\/strong><\/p>\n<p class=\"font_8 wixui-rich-text__text\"><span class=\"wixui-rich-text__text\">Cuando m\u00e1s lo necesita, Fonso recibe la visita de una curiosa mano. \u00bfDe d\u00f3nde habr\u00e1 salido?<\/span><\/p>\n<p class=\"font_8 wixui-rich-text__text\"><span class=\"wixui-rich-text__text\">\u00abMano amiga\u00bb es un cuento ilustrado infantil creado entre tres hermanos (Dalmaus, Polets y Gemma) para recaudar fondos para un futuro tratamiento de la ELA. Una enfermedad degenerativa que sufren 4.000 personas en Espa\u00f1a. Entre ellos nuestro padre. Pero m\u00e1s all\u00e1 de eso, es\u00a0un cuento para explicar a los m\u00e1s peque\u00f1os el valor de la solidaridad y la generosidad.\u00a0Y para mostrarles\u00a0de una manera gr\u00e1fica y sencilla todo lo que podemos llegar a cambiar cuando echamos una mano.<\/span><\/p>\n<p>\u00abEn este cuento cada lector es el protagonista de la historia\u00bb<\/p>\n<p>Se trata de un librito que cuenta la historia de Fonso. Un se\u00f1or muy majo que un d\u00eda recibe una not\u00edcia muy mala: tiene ELA. Pero cuando todo parece muy muy oscuro, una curiosa mano aparece para ayudarle.<\/p>\n<p>Aunque es una historia contada en papel, es tambi\u00e9n una historia muy interactiva. En ella, cada lector se convierte en el protagonista principal de la trama.<\/p>\n<p>Pod\u00e9is adquirir el cuento en <strong><a href=\"https:\/\/www.cuentomanoamiga.org\/\">cuentomanoamiga.org<\/a><\/strong>[\/vc_column_text][\/vc_column][\/vc_row][vc_row][vc_column][vc_empty_space][vc_column_text]<\/p>\n<h3 class=\"block-title\"><a href=\"https:\/\/elcepilanansa.com\/producte\/nina\/\" target=\"_blank\" rel=\"noopener\">NINA<\/a><\/h3>\n<p>[\/vc_column_text][\/vc_column][\/vc_row][vc_row][vc_column width=\u00bb1\/2&#8243;][vc_single_image image=\u00bb4228&#8243; img_size=\u00bblarge\u00bb alignment=\u00bbcenter\u00bb onclick=\u00bbcustom_link\u00bb img_link_target=\u00bb_blank\u00bb link=\u00bbhttps:\/\/elcepilanansa.com\/producte\/nina\/\u00bb][vc_single_image image=\u00bb5178&#8243; img_size=\u00bbmedium\u00bb alignment=\u00bbcenter\u00bb onclick=\u00bbcustom_link\u00bb img_link_target=\u00bb_blank\u00bb link=\u00bbhttps:\/\/www.instagram.com\/ninaconte\/\u00bb][\/vc_column][vc_column width=\u00bb1\/2&#8243;][vc_column_text]<strong>Nina<\/strong><\/p>\n<p>Este cuento est\u00e1 basado en la vivencia real de Sonia. La autora cre\u00f3 este proyecto para ayudarnos a entender, a los ni\u00f1os y a los adultos, c\u00f3mo es la evoluci\u00f3n de la enfermedad de la ELA, Esclerosis Lateral Amiotr\u00f3fica.<\/p>\n<p>Nina es un maniqu\u00ed articulado al que le gusta mucho moverse y dibujar, pero llega un momento que ya no puede hacerlo. Esta historia, llena de magia y vitalidad, nos invita a vivir el presente sin preocuparnos por la incertidumbre del ma\u00f1ana.<\/p>\n<p>Pod\u00e9is adquirir el cuento Nina en la p\u00e1gina web de la editorial El Cep i la Nansa: <a href=\"https:\/\/elcepilanansa.com\/producte\/nina\/\"><strong>www.elcepilanansa.com\/producte\/nina\/<\/strong><\/a>[\/vc_column_text][vc_column_text]Tambi\u00e9n pod\u00e9is adquirir el Tapabocas de la Nina, en que hay tres ilustraciones de este cuento infantil solidario.[\/vc_column_text][\/vc_column][\/vc_row][vc_row][vc_column][vc_empty_space][vc_column_text]<\/p>\n<h3 class=\"block-title\"><a href=\"https:\/\/www.avuieselmillordia.org\/es\">HOY ES EL MEJOR D\u00cdA<\/a><\/h3>\n<p>[\/vc_column_text][\/vc_column][\/vc_row][vc_row][vc_column width=\u00bb1\/2&#8243;][vc_single_image image=\u00bb6285&#8243; img_size=\u00bblarge\u00bb alignment=\u00bbcenter\u00bb onclick=\u00bbcustom_link\u00bb img_link_target=\u00bb_blank\u00bb link=\u00bbhttps:\/\/reptecollbaix1200.cat\/\u00bb][\/vc_column][vc_column width=\u00bb1\/2&#8243;][vc_column_text]<strong>Camiseta \u00abHoy es el mejor D\u00eda\u00bb<\/strong><\/p>\n<p>La camiseta solidaria \u00abHoy es el mejor d\u00eda\u00bb no es una camiseta cualquiera. Est\u00e1 impresa con dos tintas. Una normal. Y una tinta solar.<\/p>\n<p>El dise\u00f1o es obra del\u00a0ic\u00f3nico ilustrador\u00a072kilos\u00a0(\u00d3scar Alonso). Con su arte vitalista nos quiere animar a disfrutar del momento, a vivir a pesar de todo. Y a ayudar a la Fundaci\u00f3n Catalana de ELA Miquel Valls a seguir mejorando la calidad de vida de las personas con ELA y sus familias.<\/p>\n<p>De esta realidad nace el lema que Ildefons Oliveras, luchador con ELA, se repite cada d\u00eda, haciendo que su familia se animara a crear este proyecto.<\/p>\n<p>Adquiere tu camiseta en <a href=\"http:\/\/www.avuieselmillordia.org\"><strong>www.avuieselmillordia.org<\/strong><\/a>[\/vc_column_text][\/vc_column][\/vc_row][vc_row][vc_column][vc_empty_space][vc_column_text]<\/p>\n<h3 class=\"block-title\"><a href=\"https:\/\/www.amazon.es\/Habl%C3%A9-ela-habl%C3%B3-conmigo-transformaci%C3%B3n\/dp\/8409348276\/ref=sr_1_1?qid=1647519898&amp;refinements=p_27:Eva+Villanueva&amp;s=books&amp;sr=1-1\" target=\"_blank\" rel=\"noopener\">HABL\u00c9 CON ELA Y ELA HABL\u00d3 CONMIGO<\/a><\/h3>\n<p>[\/vc_column_text][\/vc_column][\/vc_row][vc_row][vc_column width=\u00bb1\/2&#8243;][vc_single_image image=\u00bb6289&#8243; img_size=\u00bblarge\u00bb onclick=\u00bbcustom_link\u00bb img_link_target=\u00bb_blank\u00bb link=\u00bbhttps:\/\/www.tactic-sport.com\/es\/team-store\/\u00bb][\/vc_column][vc_column width=\u00bb1\/2&#8243;][vc_column_text]<strong>Libro \u00abHabl\u00e9 con ELA y ELA habl\u00f3 conmigo\u00bb<\/strong><\/p>\n<p>Un libro en qu\u00e9 Eva Villanueva muestra con total honestidad c\u00f3mo fue acompa\u00f1ar a su madre en su fin de vida, lo que aprendi\u00f3, lo que sinti\u00f3, lo que creci\u00f3. La experiencia de vida, porque sobre todo ten\u00eda motivos muy importantes:<br \/>\nExplicar que podemos morir en paz. Visibilizar la importancia de hacer un luto para curar. Sumar entregando el 50% de los beneficios para mejorar la calidad de vida de los enfermos y sus familias en la Fundaci\u00f3n Catalana de ELA Miquel Valls.<\/p>\n<p>Puede comprar el libro en amazon en el siguiente enlace: <a href=\"https:\/\/www.amazon.es\/Habl%C3%A9-ela-habl%C3%B3-conmigo-transformaci%C3%B3n\/dp\/8409348276\/ref=sr_1_1?qid=1647519898&amp;refinements=p_27:Eva+Villanueva&amp;s=books&amp;sr=1-1\">https:\/\/www.amazon.es\/Habl%C3%A9-ela-habl%C3%B3-conmigo-transformaci%C3%B3n\/dp\/8409348276\/ref=sr_1_1?qid=1647519898&amp;refinements=p_27:Eva+Villanueva&amp;s=books&amp;sr=1-1<\/a>[\/vc_column_text][\/vc_column][\/vc_row][vc_row][vc_column][vc_empty_space][vc_column_text]<\/p>\n<h3 class=\"block-title\"><strong><a href=\"https:\/\/fundaciomiquelvalls.org\/contacte\/\">EL NIU DE L\u2019ODI<\/a><\/strong><\/h3>\n<p>[\/vc_column_text][\/vc_column][\/vc_row][vc_row][vc_column width=\u00bb1\/2&#8243;][vc_single_image image=\u00bb2157&#8243; img_size=\u00bblarge\u00bb onclick=\u00bbcustom_link\u00bb img_link_target=\u00bb_blank\u00bb link=\u00bbhttps:\/\/www.tactic-sport.com\/es\/team-store\/\u00bb][\/vc_column][vc_column width=\u00bb1\/2&#8243;][vc_column_text]<strong>Libro \u00abEl Niu de l&#8217;odi\u00bb<\/strong><\/p>\n<p>Mirla y Cesc abandonan su pareja y su familia, respectivamente, debido a los problemas de relaci\u00f3n dentro del n\u00facleo familiar. El destino hace que se encuentren y recorran juntos un camino que les har\u00e1 vivir variadas y emotivas experiencias vitales. Recordar\u00e1n con a\u00f1oranza momentos, vivencias y situaciones del pasado y har\u00e1n una cr\u00edtica actual del pa\u00eds en el que viven, de c\u00f3mo afectan al tejido social, pol\u00edtico, econ\u00f3mico y cultural las reminiscencias de un pasado no muy lejano.<\/p>\n<p>Autor: Jos\u00e9 Luis Guti\u00e9rrez Gallego<br \/>\nEditorial: C\u00edrculo Rojo[\/vc_column_text][\/vc_column][\/vc_row]<\/p>\n","protected":false},"excerpt":{"rendered":"<p>[vc_row][vc_column][vc_empty_space][vc_column_text] KMS x ELA [\/vc_column_text][\/vc_column][\/vc_row][vc_row][vc_column width=\u00bb1\/2&#8243;][vc_single_image image=\u00bb6281&#8243; img_size=\u00bb300&#215;400&#8243; alignment=\u00bbcenter\u00bb onclick=\u00bbcustom_link\u00bb img_link_target=\u00bb_blank\u00bb link=\u00bbhttps:\/\/42krunning.com\/tienda\/rincon-solidario\/kmsxela\u00bb][\/vc_column][vc_column width=\u00bb1\/2&#8243;][vc_column_text]Kmsxela KMSXELA es una iniciativa particular surgida de la determinaci\u00f3n de un aficionado al running, Xavi, para echar una mano para ayudar a dar visibilidad de la ELA y adem\u00e1s colaborar en la recaudaci\u00f3n de fondos. Las camisetas running kmsxela fueron las primeras piezas t\u00e9cnicas que vieron la luz y m\u00e1s tarde se sumaron otros productos t\u00e9cnicos como sudaderas, bandanas, manguitos&#8230; Una parte del importe de estos productos solidarios kmsxela se da la Fundaci\u00f3n Catalana de ELA Miquel Valls gracias a la empresa 42K. Puede encontrar todas las piezas solidarias en www.42krunning.com\/tienda\/rincon-solidario\/kmsxela\/[\/vc_column_text][\/vc_column][\/vc_row][vc_row][vc_column][vc_empty_space][vc_column_text] MANO AMIGA [\/vc_column_text][\/vc_column][\/vc_row][vc_row][vc_column width=\u00bb1\/2&#8243;][vc_single_image image=\u00bb4158&#8243; img_size=\u00bblarge\u00bb onclick=\u00bbcustom_link\u00bb img_link_target=\u00bb_blank\u00bb link=\u00bbhttp:\/\/ca.cuentomanoamiga.org\/\u00bb][\/vc_column][vc_column width=\u00bb1\/2&#8243;][vc_column_text]La solidaridad, explicada a los m\u00e1s peque\u00f1os. Cuando m\u00e1s lo necesita, Fonso recibe la visita de una curiosa mano. \u00bfDe d\u00f3nde habr\u00e1 salido? \u00abMano amiga\u00bb es un cuento ilustrado infantil creado entre tres hermanos (Dalmaus, Polets y Gemma) para recaudar fondos para un futuro tratamiento de la ELA. Una enfermedad degenerativa que sufren 4.000 personas en Espa\u00f1a. Entre ellos nuestro padre. Pero m\u00e1s all\u00e1 de eso, es\u00a0un cuento para explicar a los m\u00e1s peque\u00f1os el valor de la solidaridad y la generosidad.\u00a0Y para mostrarles\u00a0de una manera gr\u00e1fica y sencilla todo lo que podemos llegar a cambiar cuando echamos una mano. \u00abEn este cuento cada lector es el protagonista de la historia\u00bb Se trata de un librito que cuenta la historia de Fonso. Un se\u00f1or muy majo que un d\u00eda recibe una not\u00edcia muy mala: tiene ELA. Pero cuando todo parece muy muy oscuro, una curiosa mano aparece para ayudarle. Aunque es una historia contada en papel, es tambi\u00e9n una historia muy interactiva. En ella, cada lector se convierte en el protagonista principal de la trama. Pod\u00e9is adquirir el cuento en cuentomanoamiga.org[\/vc_column_text][\/vc_column][\/vc_row][vc_row][vc_column][vc_empty_space][vc_column_text] NINA [\/vc_column_text][\/vc_column][\/vc_row][vc_row][vc_column width=\u00bb1\/2&#8243;][vc_single_image image=\u00bb4228&#8243; img_size=\u00bblarge\u00bb alignment=\u00bbcenter\u00bb onclick=\u00bbcustom_link\u00bb img_link_target=\u00bb_blank\u00bb link=\u00bbhttps:\/\/elcepilanansa.com\/producte\/nina\/\u00bb][vc_single_image image=\u00bb5178&#8243; img_size=\u00bbmedium\u00bb alignment=\u00bbcenter\u00bb onclick=\u00bbcustom_link\u00bb img_link_target=\u00bb_blank\u00bb link=\u00bbhttps:\/\/www.instagram.com\/ninaconte\/\u00bb][\/vc_column][vc_column width=\u00bb1\/2&#8243;][vc_column_text]Nina Este cuento est\u00e1 basado en la vivencia real de Sonia. La autora cre\u00f3 este proyecto para ayudarnos a entender, a los ni\u00f1os y a los adultos, c\u00f3mo es la evoluci\u00f3n de la enfermedad de la ELA, Esclerosis Lateral Amiotr\u00f3fica. Nina es un maniqu\u00ed articulado al que le gusta mucho moverse y dibujar, pero llega un momento que ya no puede hacerlo. Esta historia, llena de magia y vitalidad, nos invita a vivir el presente sin preocuparnos por la incertidumbre del ma\u00f1ana. Pod\u00e9is adquirir el cuento Nina en la p\u00e1gina web de la editorial El Cep i la Nansa: www.elcepilanansa.com\/producte\/nina\/[\/vc_column_text][vc_column_text]Tambi\u00e9n pod\u00e9is adquirir el Tapabocas de la Nina, en que hay tres ilustraciones de este cuento infantil solidario.[\/vc_column_text][\/vc_column][\/vc_row][vc_row][vc_column][vc_empty_space][vc_column_text] HOY ES EL MEJOR D\u00cdA [\/vc_column_text][\/vc_column][\/vc_row][vc_row][vc_column width=\u00bb1\/2&#8243;][vc_single_image image=\u00bb6285&#8243; img_size=\u00bblarge\u00bb alignment=\u00bbcenter\u00bb onclick=\u00bbcustom_link\u00bb img_link_target=\u00bb_blank\u00bb link=\u00bbhttps:\/\/reptecollbaix1200.cat\/\u00bb][\/vc_column][vc_column width=\u00bb1\/2&#8243;][vc_column_text]Camiseta \u00abHoy es el mejor D\u00eda\u00bb La camiseta solidaria \u00abHoy es el mejor d\u00eda\u00bb no es una camiseta cualquiera. Est\u00e1 impresa con dos tintas. Una normal. Y una tinta solar. El dise\u00f1o es obra del\u00a0ic\u00f3nico ilustrador\u00a072kilos\u00a0(\u00d3scar Alonso). Con su arte vitalista nos quiere animar a disfrutar del momento, a vivir a pesar de todo. Y a ayudar a la Fundaci\u00f3n Catalana de ELA Miquel Valls a seguir mejorando la calidad de vida de las personas con ELA y sus familias. De [&hellip;]<\/p>\n","protected":false},"author":1,"featured_media":0,"parent":4981,"menu_order":3,"comment_status":"closed","ping_status":"closed","template":"","meta":{"footnotes":""},"class_list":["post-4974","page","type-page","status-publish","hentry"],"yoast_head":"<!-- This site is optimized with the Yoast SEO plugin v26.9 - https:\/\/yoast.com\/product\/yoast-seo-wordpress\/ -->\n<title>Art\u00edculos de Iniciativas Solidarias contra la ELA - Fundaci\u00f3 Catalana d&#039;ELA Miquel Valls<\/title>\n<meta name=\"description\" content=\"Adquiere art\u00edculos solidarios que se han creado expresamente en relaci\u00f3n a iniciativas solidarias contra la ELA.\" \/>\n<meta name=\"robots\" content=\"index, follow, max-snippet:-1, max-image-preview:large, max-video-preview:-1\" \/>\n<link rel=\"canonical\" href=\"https:\/\/fundaciomiquelvalls.org\/es\/articulos_solidarios_contra_ela\/articulos-solidarios-ela-iniciativas\/\" \/>\n<meta property=\"og:locale\" content=\"es_ES\" \/>\n<meta property=\"og:type\" content=\"article\" \/>\n<meta property=\"og:title\" content=\"Art\u00edculos de Iniciativas Solidarias contra la ELA\" \/>\n<meta property=\"og:description\" content=\"Adquiere art\u00edculos solidarios que se han creado expresamente en relaci\u00f3n a iniciativas solidarias contra la ELA.\" \/>\n<meta property=\"og:url\" content=\"https:\/\/fundaciomiquelvalls.org\/es\/articulos_solidarios_contra_ela\/articulos-solidarios-ela-iniciativas\/\" \/>\n<meta property=\"og:site_name\" content=\"Fundaci\u00f3 Catalana d&#039;ELA Miquel Valls\" \/>\n<meta property=\"article:modified_time\" content=\"2024-09-09T08:20:48+00:00\" \/>\n<meta property=\"og:image\" content=\"https:\/\/fundaciomiquelvalls.org\/wp-content\/uploads\/2023\/04\/Articles-solidaris-iniciatives-FCEMV.png\" \/>\n\t<meta property=\"og:image:width\" content=\"2000\" \/>\n\t<meta property=\"og:image:height\" content=\"1600\" \/>\n\t<meta property=\"og:image:type\" content=\"image\/png\" \/>\n<meta name=\"twitter:card\" content=\"summary_large_image\" \/>\n<meta name=\"twitter:title\" content=\"Art\u00edculos de Iniciativas Solidarias contra la ELA\" \/>\n<meta name=\"twitter:description\" content=\"Adquiere art\u00edculos solidarios que se han creado expresamente en relaci\u00f3n a iniciativas solidarias contra la ELA.\" \/>\n<meta name=\"twitter:image\" content=\"https:\/\/fundaciomiquelvalls.org\/wp-content\/uploads\/2023\/04\/Articles-solidaris-iniciatives-FCEMV.png\" \/>\n<meta name=\"twitter:label1\" content=\"Tiempo de lectura\" \/>\n\t<meta name=\"twitter:data1\" content=\"5 minutos\" \/>\n<script type=\"application\/ld+json\" class=\"yoast-schema-graph\">{\"@context\":\"https:\/\/schema.org\",\"@graph\":[{\"@type\":\"WebPage\",\"@id\":\"https:\/\/fundaciomiquelvalls.org\/es\/articulos_solidarios_contra_ela\/articulos-solidarios-ela-iniciativas\/\",\"url\":\"https:\/\/fundaciomiquelvalls.org\/es\/articulos_solidarios_contra_ela\/articulos-solidarios-ela-iniciativas\/\",\"name\":\"Art\u00edculos de Iniciativas Solidarias contra la ELA - Fundaci\u00f3 Catalana d&#039;ELA Miquel Valls\",\"isPartOf\":{\"@id\":\"https:\/\/fundaciomiquelvalls.org\/#website\"},\"datePublished\":\"2022-12-01T17:36:02+00:00\",\"dateModified\":\"2024-09-09T08:20:48+00:00\",\"description\":\"Adquiere art\u00edculos solidarios que se han creado expresamente en relaci\u00f3n a iniciativas solidarias contra la ELA.\",\"breadcrumb\":{\"@id\":\"https:\/\/fundaciomiquelvalls.org\/es\/articulos_solidarios_contra_ela\/articulos-solidarios-ela-iniciativas\/#breadcrumb\"},\"inLanguage\":\"es\",\"potentialAction\":[{\"@type\":\"ReadAction\",\"target\":[\"https:\/\/fundaciomiquelvalls.org\/es\/articulos_solidarios_contra_ela\/articulos-solidarios-ela-iniciativas\/\"]}]},{\"@type\":\"BreadcrumbList\",\"@id\":\"https:\/\/fundaciomiquelvalls.org\/es\/articulos_solidarios_contra_ela\/articulos-solidarios-ela-iniciativas\/#breadcrumb\",\"itemListElement\":[{\"@type\":\"ListItem\",\"position\":1,\"name\":\"Portada\",\"item\":\"https:\/\/fundaciomiquelvalls.org\/es\/\"},{\"@type\":\"ListItem\",\"position\":2,\"name\":\"Art\u00edculos solidarios contra la ELA\",\"item\":\"https:\/\/fundaciomiquelvalls.org\/es\/articulos_solidarios_contra_ela\/\"},{\"@type\":\"ListItem\",\"position\":3,\"name\":\"Art\u00edculos de Iniciativas Solidarias contra la ELA\"}]},{\"@type\":\"WebSite\",\"@id\":\"https:\/\/fundaciomiquelvalls.org\/#website\",\"url\":\"https:\/\/fundaciomiquelvalls.org\/\",\"name\":\"Fundaci\u00f3 Catalana d&#039;ELA Miquel Valls\",\"description\":\"Treballem per millorar la qualitat de vida de les persones afectades d&#039;ELA i Malaltia de Motoneurona\",\"potentialAction\":[{\"@type\":\"SearchAction\",\"target\":{\"@type\":\"EntryPoint\",\"urlTemplate\":\"https:\/\/fundaciomiquelvalls.org\/?s={search_term_string}\"},\"query-input\":{\"@type\":\"PropertyValueSpecification\",\"valueRequired\":true,\"valueName\":\"search_term_string\"}}],\"inLanguage\":\"es\"}]}<\/script>\n<!-- \/ Yoast SEO plugin. -->","yoast_head_json":{"title":"Art\u00edculos de Iniciativas Solidarias contra la ELA - Fundaci\u00f3 Catalana d&#039;ELA Miquel Valls","description":"Adquiere art\u00edculos solidarios que se han creado expresamente en relaci\u00f3n a iniciativas solidarias contra la ELA.","robots":{"index":"index","follow":"follow","max-snippet":"max-snippet:-1","max-image-preview":"max-image-preview:large","max-video-preview":"max-video-preview:-1"},"canonical":"https:\/\/fundaciomiquelvalls.org\/es\/articulos_solidarios_contra_ela\/articulos-solidarios-ela-iniciativas\/","og_locale":"es_ES","og_type":"article","og_title":"Art\u00edculos de Iniciativas Solidarias contra la ELA","og_description":"Adquiere art\u00edculos solidarios que se han creado expresamente en relaci\u00f3n a iniciativas solidarias contra la ELA.","og_url":"https:\/\/fundaciomiquelvalls.org\/es\/articulos_solidarios_contra_ela\/articulos-solidarios-ela-iniciativas\/","og_site_name":"Fundaci\u00f3 Catalana d&#039;ELA Miquel Valls","article_modified_time":"2024-09-09T08:20:48+00:00","og_image":[{"width":2000,"height":1600,"url":"https:\/\/fundaciomiquelvalls.org\/wp-content\/uploads\/2023\/04\/Articles-solidaris-iniciatives-FCEMV.png","type":"image\/png"}],"twitter_card":"summary_large_image","twitter_title":"Art\u00edculos de Iniciativas Solidarias contra la ELA","twitter_description":"Adquiere art\u00edculos solidarios que se han creado expresamente en relaci\u00f3n a iniciativas solidarias contra la ELA.","twitter_image":"https:\/\/fundaciomiquelvalls.org\/wp-content\/uploads\/2023\/04\/Articles-solidaris-iniciatives-FCEMV.png","twitter_misc":{"Tiempo de lectura":"5 minutos"},"schema":{"@context":"https:\/\/schema.org","@graph":[{"@type":"WebPage","@id":"https:\/\/fundaciomiquelvalls.org\/es\/articulos_solidarios_contra_ela\/articulos-solidarios-ela-iniciativas\/","url":"https:\/\/fundaciomiquelvalls.org\/es\/articulos_solidarios_contra_ela\/articulos-solidarios-ela-iniciativas\/","name":"Art\u00edculos de Iniciativas Solidarias contra la ELA - Fundaci\u00f3 Catalana d&#039;ELA Miquel Valls","isPartOf":{"@id":"https:\/\/fundaciomiquelvalls.org\/#website"},"datePublished":"2022-12-01T17:36:02+00:00","dateModified":"2024-09-09T08:20:48+00:00","description":"Adquiere art\u00edculos solidarios que se han creado expresamente en relaci\u00f3n a iniciativas solidarias contra la ELA.","breadcrumb":{"@id":"https:\/\/fundaciomiquelvalls.org\/es\/articulos_solidarios_contra_ela\/articulos-solidarios-ela-iniciativas\/#breadcrumb"},"inLanguage":"es","potentialAction":[{"@type":"ReadAction","target":["https:\/\/fundaciomiquelvalls.org\/es\/articulos_solidarios_contra_ela\/articulos-solidarios-ela-iniciativas\/"]}]},{"@type":"BreadcrumbList","@id":"https:\/\/fundaciomiquelvalls.org\/es\/articulos_solidarios_contra_ela\/articulos-solidarios-ela-iniciativas\/#breadcrumb","itemListElement":[{"@type":"ListItem","position":1,"name":"Portada","item":"https:\/\/fundaciomiquelvalls.org\/es\/"},{"@type":"ListItem","position":2,"name":"Art\u00edculos solidarios contra la ELA","item":"https:\/\/fundaciomiquelvalls.org\/es\/articulos_solidarios_contra_ela\/"},{"@type":"ListItem","position":3,"name":"Art\u00edculos de Iniciativas Solidarias contra la ELA"}]},{"@type":"WebSite","@id":"https:\/\/fundaciomiquelvalls.org\/#website","url":"https:\/\/fundaciomiquelvalls.org\/","name":"Fundaci\u00f3 Catalana d&#039;ELA Miquel Valls","description":"Treballem per millorar la qualitat de vida de les persones afectades d&#039;ELA i Malaltia de Motoneurona","potentialAction":[{"@type":"SearchAction","target":{"@type":"EntryPoint","urlTemplate":"https:\/\/fundaciomiquelvalls.org\/?s={search_term_string}"},"query-input":{"@type":"PropertyValueSpecification","valueRequired":true,"valueName":"search_term_string"}}],"inLanguage":"es"}]}},"_links":{"self":[{"href":"https:\/\/fundaciomiquelvalls.org\/es\/wp-json\/wp\/v2\/pages\/4974","targetHints":{"allow":["GET"]}}],"collection":[{"href":"https:\/\/fundaciomiquelvalls.org\/es\/wp-json\/wp\/v2\/pages"}],"about":[{"href":"https:\/\/fundaciomiquelvalls.org\/es\/wp-json\/wp\/v2\/types\/page"}],"author":[{"embeddable":true,"href":"https:\/\/fundaciomiquelvalls.org\/es\/wp-json\/wp\/v2\/users\/1"}],"replies":[{"embeddable":true,"href":"https:\/\/fundaciomiquelvalls.org\/es\/wp-json\/wp\/v2\/comments?post=4974"}],"version-history":[{"count":12,"href":"https:\/\/fundaciomiquelvalls.org\/es\/wp-json\/wp\/v2\/pages\/4974\/revisions"}],"predecessor-version":[{"id":7611,"href":"https:\/\/fundaciomiquelvalls.org\/es\/wp-json\/wp\/v2\/pages\/4974\/revisions\/7611"}],"up":[{"embeddable":true,"href":"https:\/\/fundaciomiquelvalls.org\/es\/wp-json\/wp\/v2\/pages\/4981"}],"wp:attachment":[{"href":"https:\/\/fundaciomiquelvalls.org\/es\/wp-json\/wp\/v2\/media?parent=4974"}],"curies":[{"name":"wp","href":"https:\/\/api.w.org\/{rel}","templated":true}]}}