{"id":3488,"date":"2022-07-13T10:41:15","date_gmt":"2022-07-13T10:41:15","guid":{"rendered":"https:\/\/fundaciomiquelvalls.org\/webs-de-interes\/"},"modified":"2025-09-01T12:35:09","modified_gmt":"2025-09-01T10:35:09","slug":"webs-de-interes","status":"publish","type":"page","link":"https:\/\/fundaciomiquelvalls.org\/es\/webs-de-interes\/","title":{"rendered":"Webs de inter\u00e9s"},"content":{"rendered":"<p>[vc_row][vc_column][vc_column_text]<\/p>\n<h3 class=\"block-title\">Asociaciones y Fundaciones de ELA en Espa\u00f1a<\/h3>\n<p>[\/vc_column_text][\/vc_column][\/vc_row][vc_row][vc_column width=\u00bb1\/2&#8243;][vc_column_text]<ul class=\"icon \"><li><i class=\"fa fa-caret-right\"><\/i> ADELA Comunidad Valenciana. ADELA CV <a href=\"https:\/\/www.adela-cv.org\/\">www.adela-cv.org<\/a><\/li><li><i class=\"fa fa-caret-right\"><\/i> ADELA Madrid <a href=\"https:\/\/www.adelaweb.org\/\">www.adelaweb.org<\/a><\/li><li><i class=\"fa fa-caret-right\"><\/i> AdELAnte Castilla La Mancha <a href=\"https:\/\/www.adelantelr.com\/\">www.adelantelr.com<\/a><\/li><li><i class=\"fa fa-caret-right\"><\/i> AgaELA. Asociaci\u00f3n Galega de Afectados de Esclerosis Lateral Amiotr\u00f3fica <a href=\"https:\/\/www.agaela.es\/\">www.agaela.es<\/a><\/li><li><i class=\"fa fa-caret-right\"><\/i> AraELA. Asociaci\u00f3n Aragonesa de Esclerosis Lateral Amiotr\u00f3fica <a href=\"https:\/\/www.araela.org\/\">www.araela.org<\/a><\/li><li><i class=\"fa fa-caret-right\"><\/i> Asociaci\u00f3n de Afectados por la Esclerosis Lateral Amiotr\u00f3fica de Castilla y Le\u00f3n. ELACyL <a href=\"https:\/\/www.elacyl.org\/\">www.elacyl.org<\/a><\/li><li><i class=\"fa fa-caret-right\"><\/i> Asociaci\u00f3n de Esclerosis Lateral Amiotr\u00f3fica de Euskal Herria. ADELA Euskal Herria <a href=\"https:\/\/www.adelaeuskalherria.com\/\">www.adelaeuskalherria.com<\/a><\/li><li><i class=\"fa fa-caret-right\"><\/i> Asociaci\u00f3n de Esclerosis Lateral Amiotr\u00f3fica de Navarra. AdELA Navarra <a href=\"https:\/\/www.cocemfenavarra.es\/entidades\/adela\/\">www.cocemfenavarra.es\/entidades\/adela\/<\/a><\/li><\/ul>[\/vc_column_text][\/vc_column][vc_column width=\u00bb1\/2&#8243;][vc_column_text]<ul class=\"icon \"><li><i class=\"fa fa-caret-right\"><\/i> Asociaci\u00f3n ELA Andaluc\u00eda <a href=\"https:\/\/www.elaandalucia.es\/\">www.elaandalucia.es<\/a><\/li><li><i class=\"fa fa-caret-right\"><\/i> Asociaci\u00f3n Espa\u00f1ola de ELA. ADELA <a href=\"https:\/\/www.adelaweb.org\/\">www.adelaweb.org<\/a><\/li><li><i class=\"fa fa-caret-right\"><\/i> CanELA. Asociaci\u00f3n C\u00e1ntabra de Esclerosis Lateral Amiotr\u00f3fica <a href=\"https:\/\/www.facebook.com\/AsociacionCanELA\/\">www.facebook.com\/AsociacionCanELA\/<\/a><\/li><li><i class=\"fa fa-caret-right\"><\/i> ELA Extremadura <a href=\"https:\/\/www.elaextremadura.org\/\">www.elaextremadura.org<\/a><\/li><li><i class=\"fa fa-caret-right\"><\/i> ELA Islas Baleares<\/li><li><i class=\"fa fa-caret-right\"><\/i> ELA Murcia <\/li><li><i class=\"fa fa-caret-right\"><\/i> ELA Principado <a href=\"https:\/\/www.ela-principado.es\/\">www.ela-principado.es<\/a><\/li><li><i class=\"fa fa-caret-right\"><\/i> Fundaci\u00f3n Francisco Luz\u00f3n <a href=\"https:\/\/www.ffluzon.org\/\">www.ffluzon.org<\/a><\/li><li><i class=\"fa fa-caret-right\"><\/i> Plataforma Afectados ELA <a href=\"https:\/\/www.plataformaafectadosela.org\/\">www.plataformaafectadosela.org<\/a><\/li><\/ul>[\/vc_column_text][\/vc_column][\/vc_row][vc_row][vc_column][vc_empty_space][vc_column_text]<\/p>\n<h3 class=\"block-title\">Entidades dedicadas exclusivamente a la investigaci\u00f3n de la ELA<\/h3>\n<p>[\/vc_column_text][\/vc_column][\/vc_row][vc_row][vc_column][vc_column_text]<ul class=\"icon \"><li><i class=\"fa fa-caret-right\"><\/i> FUNDELA : <a href=\"https:\/\/www.fundela.info\/\" target=\"_blank\" rel=\"noopener\">www.fundela.info<\/a><\/li><li><i class=\"fa fa-caret-right\"><\/i> ELADos: <a href=\"https:\/\/www.asociacionelados.org\/\" target=\"_blank\" rel=\"noopener\">www.asociacionelados.org<\/a><\/li><li><i class=\"fa fa-caret-right\"><\/i> RedELA:\u00a0<a href=\"https:\/\/www.redela.org\/\" target=\"_blank\" rel=\"noopener\">www.redela.org<\/a><\/li><\/ul>[\/vc_column_text][\/vc_column][\/vc_row][vc_row][vc_column][vc_empty_space][vc_column_text]<\/p>\n<h3 class=\"block-title\">Asociaciones y federaciones relacionadas<\/h3>\n<p>[\/vc_column_text][\/vc_column][\/vc_row][vc_row][vc_column][vc_column_text]<ul class=\"icon \"><li><i class=\"fa fa-caret-right\"><\/i> Plataforma de Malalties Minoritaries: \u00a0<a href=\"https:\/\/www.malaltiesminoritaries.org\/\">www.malaltiesminoritaries.org<\/a><\/li><li><i class=\"fa fa-caret-right\"><\/i> FEDER :\u00a0<a href=\"https:\/\/www.enfermedades-raras.org\/\" target=\"_blank\" rel=\"noopener\">www.enfermedades-raras.org<\/a><\/li><li><i class=\"fa fa-caret-right\"><\/i> ECOM:\u00a0<a href=\"https:\/\/www.ecom.cat\/\" target=\"_blank\" rel=\"noopener\">www.ecom.cat<\/a><\/li><li><i class=\"fa fa-caret-right\"><\/i> ConELA: <a href=\"http:\/\/www.conela.org\" target=\"_blank\" rel=\"noopener\">www.conela.org<\/a><\/li><\/ul>[\/vc_column_text][\/vc_column][\/vc_row][vc_row][vc_column][vc_empty_space][vc_column_text]<\/p>\n<h3 class=\"block-title\">Asociaciones Internacionales por la ELA<\/h3>\n<p>[\/vc_column_text][\/vc_column][\/vc_row][vc_row][vc_column][vc_column_text]<ul class=\"icon \"><li><i class=\"fa fa-caret-right\"><\/i> Alianza Internacional contra la ELA\/MND: <a href=\"https:\/\/%20www.alsmndalliance.org\/\" target=\"_blank\" rel=\"noopener\">www.alsmndalliance.org<\/a><\/li><li><i class=\"fa fa-caret-right\"><\/i> EUPALS: <a href=\"https:\/\/als.eu\/\">www.als.eu<\/a><\/li><\/ul>[\/vc_column_text][\/vc_column][\/vc_row][vc_row][vc_column][vc_empty_space][vc_column_text]<\/p>\n<h3 class=\"block-title\">Otras direcciones de inter\u00e9s<\/h3>\n<p>[\/vc_column_text][\/vc_column][\/vc_row][vc_row][vc_column][vc_column_text]<ul class=\"icon \"><li><i class=\"fa fa-caret-right\"><\/i> FEM : Fundaci\u00f3n Esclerosis M\u00faltiple:<a href=\"https:\/\/www.fem.es\/\" target=\"_blank\" rel=\"noopener\">www.fem.es<\/a><\/li><li><i class=\"fa fa-caret-right\"><\/i> ASPID : Centro de Atenci\u00f3n a Personas con Discapacidad F\u00edsica: <a href=\"https:\/\/www.aspid.cat\/\" target=\"_blank\" rel=\"noopener\">www.aspid.cat<\/a><\/li><\/ul>[\/vc_column_text][\/vc_column][\/vc_row]<\/p>\n","protected":false},"excerpt":{"rendered":"<p>[vc_row][vc_column][vc_column_text] Asociaciones y Fundaciones de ELA en Espa\u00f1a [\/vc_column_text][\/vc_column][\/vc_row][vc_row][vc_column width=\u00bb1\/2&#8243;][vc_column_text][\/vc_column_text][\/vc_column][vc_column width=\u00bb1\/2&#8243;][vc_column_text][\/vc_column_text][\/vc_column][\/vc_row][vc_row][vc_column][vc_empty_space][vc_column_text] Entidades dedicadas exclusivamente a la investigaci\u00f3n de la ELA [\/vc_column_text][\/vc_column][\/vc_row][vc_row][vc_column][vc_column_text][\/vc_column_text][\/vc_column][\/vc_row][vc_row][vc_column][vc_empty_space][vc_column_text] Asociaciones y federaciones relacionadas [\/vc_column_text][\/vc_column][\/vc_row][vc_row][vc_column][vc_column_text][\/vc_column_text][\/vc_column][\/vc_row][vc_row][vc_column][vc_empty_space][vc_column_text] Asociaciones Internacionales por la ELA [\/vc_column_text][\/vc_column][\/vc_row][vc_row][vc_column][vc_column_text][\/vc_column_text][\/vc_column][\/vc_row][vc_row][vc_column][vc_empty_space][vc_column_text] Otras direcciones de inter\u00e9s [\/vc_column_text][\/vc_column][\/vc_row][vc_row][vc_column][vc_column_text][\/vc_column_text][\/vc_column][\/vc_row]<\/p>\n","protected":false},"author":1,"featured_media":0,"parent":0,"menu_order":0,"comment_status":"closed","ping_status":"closed","template":"","meta":{"footnotes":""},"class_list":["post-3488","page","type-page","status-publish","hentry"],"yoast_head":"<!-- This site is optimized with the Yoast SEO plugin v26.9 - https:\/\/yoast.com\/product\/yoast-seo-wordpress\/ -->\n<title>Webs de inter\u00e9s - Fundaci\u00f3 Catalana d&#039;ELA Miquel Valls<\/title>\n<meta name=\"robots\" content=\"index, follow, max-snippet:-1, max-image-preview:large, max-video-preview:-1\" \/>\n<link rel=\"canonical\" href=\"https:\/\/fundaciomiquelvalls.org\/es\/webs-de-interes\/\" \/>\n<meta property=\"og:locale\" content=\"es_ES\" \/>\n<meta property=\"og:type\" content=\"article\" \/>\n<meta property=\"og:title\" content=\"Webs de inter\u00e9s - Fundaci\u00f3 Catalana d&#039;ELA Miquel Valls\" \/>\n<meta property=\"og:description\" content=\"[vc_row][vc_column][vc_column_text] Asociaciones y Fundaciones de ELA en Espa\u00f1a [\/vc_column_text][\/vc_column][\/vc_row][vc_row][vc_column width=\u00bb1\/2&#8243;][vc_column_text][\/vc_column_text][\/vc_column][vc_column width=\u00bb1\/2&#8243;][vc_column_text][\/vc_column_text][\/vc_column][\/vc_row][vc_row][vc_column][vc_empty_space][vc_column_text] Entidades dedicadas exclusivamente a la investigaci\u00f3n de la ELA [\/vc_column_text][\/vc_column][\/vc_row][vc_row][vc_column][vc_column_text][\/vc_column_text][\/vc_column][\/vc_row][vc_row][vc_column][vc_empty_space][vc_column_text] Asociaciones y federaciones relacionadas [\/vc_column_text][\/vc_column][\/vc_row][vc_row][vc_column][vc_column_text][\/vc_column_text][\/vc_column][\/vc_row][vc_row][vc_column][vc_empty_space][vc_column_text] Asociaciones Internacionales por la ELA [\/vc_column_text][\/vc_column][\/vc_row][vc_row][vc_column][vc_column_text][\/vc_column_text][\/vc_column][\/vc_row][vc_row][vc_column][vc_empty_space][vc_column_text] Otras direcciones de inter\u00e9s [\/vc_column_text][\/vc_column][\/vc_row][vc_row][vc_column][vc_column_text][\/vc_column_text][\/vc_column][\/vc_row]\" \/>\n<meta property=\"og:url\" content=\"https:\/\/fundaciomiquelvalls.org\/es\/webs-de-interes\/\" \/>\n<meta property=\"og:site_name\" content=\"Fundaci\u00f3 Catalana d&#039;ELA Miquel Valls\" \/>\n<meta property=\"article:modified_time\" content=\"2025-09-01T10:35:09+00:00\" \/>\n<meta name=\"twitter:card\" content=\"summary_large_image\" \/>\n<meta name=\"twitter:label1\" content=\"Tiempo de lectura\" \/>\n\t<meta name=\"twitter:data1\" content=\"2 minutos\" \/>\n<script type=\"application\/ld+json\" class=\"yoast-schema-graph\">{\"@context\":\"https:\/\/schema.org\",\"@graph\":[{\"@type\":\"WebPage\",\"@id\":\"https:\/\/fundaciomiquelvalls.org\/es\/webs-de-interes\/\",\"url\":\"https:\/\/fundaciomiquelvalls.org\/es\/webs-de-interes\/\",\"name\":\"Webs de inter\u00e9s - Fundaci\u00f3 Catalana d&#039;ELA Miquel Valls\",\"isPartOf\":{\"@id\":\"https:\/\/fundaciomiquelvalls.org\/#website\"},\"datePublished\":\"2022-07-13T10:41:15+00:00\",\"dateModified\":\"2025-09-01T10:35:09+00:00\",\"breadcrumb\":{\"@id\":\"https:\/\/fundaciomiquelvalls.org\/es\/webs-de-interes\/#breadcrumb\"},\"inLanguage\":\"es\",\"potentialAction\":[{\"@type\":\"ReadAction\",\"target\":[\"https:\/\/fundaciomiquelvalls.org\/es\/webs-de-interes\/\"]}]},{\"@type\":\"BreadcrumbList\",\"@id\":\"https:\/\/fundaciomiquelvalls.org\/es\/webs-de-interes\/#breadcrumb\",\"itemListElement\":[{\"@type\":\"ListItem\",\"position\":1,\"name\":\"Portada\",\"item\":\"https:\/\/fundaciomiquelvalls.org\/es\/\"},{\"@type\":\"ListItem\",\"position\":2,\"name\":\"Webs de inter\u00e9s\"}]},{\"@type\":\"WebSite\",\"@id\":\"https:\/\/fundaciomiquelvalls.org\/#website\",\"url\":\"https:\/\/fundaciomiquelvalls.org\/\",\"name\":\"Fundaci\u00f3 Catalana d&#039;ELA Miquel Valls\",\"description\":\"Treballem per millorar la qualitat de vida de les persones afectades d&#039;ELA i Malaltia de Motoneurona\",\"potentialAction\":[{\"@type\":\"SearchAction\",\"target\":{\"@type\":\"EntryPoint\",\"urlTemplate\":\"https:\/\/fundaciomiquelvalls.org\/?s={search_term_string}\"},\"query-input\":{\"@type\":\"PropertyValueSpecification\",\"valueRequired\":true,\"valueName\":\"search_term_string\"}}],\"inLanguage\":\"es\"}]}<\/script>\n<!-- \/ Yoast SEO plugin. -->","yoast_head_json":{"title":"Webs de inter\u00e9s - Fundaci\u00f3 Catalana d&#039;ELA Miquel Valls","robots":{"index":"index","follow":"follow","max-snippet":"max-snippet:-1","max-image-preview":"max-image-preview:large","max-video-preview":"max-video-preview:-1"},"canonical":"https:\/\/fundaciomiquelvalls.org\/es\/webs-de-interes\/","og_locale":"es_ES","og_type":"article","og_title":"Webs de inter\u00e9s - Fundaci\u00f3 Catalana d&#039;ELA Miquel Valls","og_description":"[vc_row][vc_column][vc_column_text] Asociaciones y Fundaciones de ELA en Espa\u00f1a [\/vc_column_text][\/vc_column][\/vc_row][vc_row][vc_column width=\u00bb1\/2&#8243;][vc_column_text][\/vc_column_text][\/vc_column][vc_column width=\u00bb1\/2&#8243;][vc_column_text][\/vc_column_text][\/vc_column][\/vc_row][vc_row][vc_column][vc_empty_space][vc_column_text] Entidades dedicadas exclusivamente a la investigaci\u00f3n de la ELA [\/vc_column_text][\/vc_column][\/vc_row][vc_row][vc_column][vc_column_text][\/vc_column_text][\/vc_column][\/vc_row][vc_row][vc_column][vc_empty_space][vc_column_text] Asociaciones y federaciones relacionadas [\/vc_column_text][\/vc_column][\/vc_row][vc_row][vc_column][vc_column_text][\/vc_column_text][\/vc_column][\/vc_row][vc_row][vc_column][vc_empty_space][vc_column_text] Asociaciones Internacionales por la ELA [\/vc_column_text][\/vc_column][\/vc_row][vc_row][vc_column][vc_column_text][\/vc_column_text][\/vc_column][\/vc_row][vc_row][vc_column][vc_empty_space][vc_column_text] Otras direcciones de inter\u00e9s [\/vc_column_text][\/vc_column][\/vc_row][vc_row][vc_column][vc_column_text][\/vc_column_text][\/vc_column][\/vc_row]","og_url":"https:\/\/fundaciomiquelvalls.org\/es\/webs-de-interes\/","og_site_name":"Fundaci\u00f3 Catalana d&#039;ELA Miquel Valls","article_modified_time":"2025-09-01T10:35:09+00:00","twitter_card":"summary_large_image","twitter_misc":{"Tiempo de lectura":"2 minutos"},"schema":{"@context":"https:\/\/schema.org","@graph":[{"@type":"WebPage","@id":"https:\/\/fundaciomiquelvalls.org\/es\/webs-de-interes\/","url":"https:\/\/fundaciomiquelvalls.org\/es\/webs-de-interes\/","name":"Webs de inter\u00e9s - Fundaci\u00f3 Catalana d&#039;ELA Miquel Valls","isPartOf":{"@id":"https:\/\/fundaciomiquelvalls.org\/#website"},"datePublished":"2022-07-13T10:41:15+00:00","dateModified":"2025-09-01T10:35:09+00:00","breadcrumb":{"@id":"https:\/\/fundaciomiquelvalls.org\/es\/webs-de-interes\/#breadcrumb"},"inLanguage":"es","potentialAction":[{"@type":"ReadAction","target":["https:\/\/fundaciomiquelvalls.org\/es\/webs-de-interes\/"]}]},{"@type":"BreadcrumbList","@id":"https:\/\/fundaciomiquelvalls.org\/es\/webs-de-interes\/#breadcrumb","itemListElement":[{"@type":"ListItem","position":1,"name":"Portada","item":"https:\/\/fundaciomiquelvalls.org\/es\/"},{"@type":"ListItem","position":2,"name":"Webs de inter\u00e9s"}]},{"@type":"WebSite","@id":"https:\/\/fundaciomiquelvalls.org\/#website","url":"https:\/\/fundaciomiquelvalls.org\/","name":"Fundaci\u00f3 Catalana d&#039;ELA Miquel Valls","description":"Treballem per millorar la qualitat de vida de les persones afectades d&#039;ELA i Malaltia de Motoneurona","potentialAction":[{"@type":"SearchAction","target":{"@type":"EntryPoint","urlTemplate":"https:\/\/fundaciomiquelvalls.org\/?s={search_term_string}"},"query-input":{"@type":"PropertyValueSpecification","valueRequired":true,"valueName":"search_term_string"}}],"inLanguage":"es"}]}},"_links":{"self":[{"href":"https:\/\/fundaciomiquelvalls.org\/es\/wp-json\/wp\/v2\/pages\/3488","targetHints":{"allow":["GET"]}}],"collection":[{"href":"https:\/\/fundaciomiquelvalls.org\/es\/wp-json\/wp\/v2\/pages"}],"about":[{"href":"https:\/\/fundaciomiquelvalls.org\/es\/wp-json\/wp\/v2\/types\/page"}],"author":[{"embeddable":true,"href":"https:\/\/fundaciomiquelvalls.org\/es\/wp-json\/wp\/v2\/users\/1"}],"replies":[{"embeddable":true,"href":"https:\/\/fundaciomiquelvalls.org\/es\/wp-json\/wp\/v2\/comments?post=3488"}],"version-history":[{"count":8,"href":"https:\/\/fundaciomiquelvalls.org\/es\/wp-json\/wp\/v2\/pages\/3488\/revisions"}],"predecessor-version":[{"id":8938,"href":"https:\/\/fundaciomiquelvalls.org\/es\/wp-json\/wp\/v2\/pages\/3488\/revisions\/8938"}],"wp:attachment":[{"href":"https:\/\/fundaciomiquelvalls.org\/es\/wp-json\/wp\/v2\/media?parent=3488"}],"curies":[{"name":"wp","href":"https:\/\/api.w.org\/{rel}","templated":true}]}}