{"id":3058,"date":"2021-03-08T09:40:00","date_gmt":"2021-03-08T09:40:00","guid":{"rendered":"https:\/\/fundaciomiquelvalls.org\/atencio-en-terapia-ocupacional\/"},"modified":"2026-03-26T09:48:16","modified_gmt":"2026-03-26T08:48:16","slug":"atencio-en-terapia-ocupacional","status":"publish","type":"page","link":"https:\/\/fundaciomiquelvalls.org\/es\/atencio-en-terapia-ocupacional\/","title":{"rendered":"Atenci\u00f3n en Terapia Ocupacional"},"content":{"rendered":"<p>[vc_row][vc_column][vc_column_text]La Atenci\u00f3n en Terapia Ocupacional est\u00e1 destinada a atender a las personas afectadas que debido a la ELA\/EMN que presentan <strong>dependencia y dificultades en la realizaci\u00f3n de las Actividades de la Vida Diaria (AVD).<\/strong><\/p>\n<p>Las tareas principales del equipo de terapeutas ocupacionales de la Fundaci\u00f3n son:<\/p>\n<ul>\n<li><strong>ASESORAMIENTO E INFORMACI\u00d3N<\/strong> sobre productos t\u00e9cnicos de apoyo necesarios y su correspondiente manejo para potenciar la autonom\u00eda (sillas de ruedas el\u00e9ctricas, gr\u00faas de transferencia, material de comunicaci\u00f3n alternativa, camas, sillones elevadores, etc.).<\/li>\n<li><strong>SUPRESI\u00d3N DE BARRERAS ARQUITECT\u00d3NICAS<\/strong> y la adaptaci\u00f3n de la vivienda.<\/li>\n<li><strong>REEDUCACI\u00d3N EN LAS ACTIVIDADES DE LA VIDA DIARIA<\/strong>, orientando en las transferencias y asesorando en los sistemas de acceso adaptado al ordenador y de comunicaci\u00f3n alternativa.<\/li>\n<\/ul>\n<p>La Fundaci\u00f3n tambi\u00e9n pone a disposici\u00f3n de las familias afectadas de ELA\/EMN el Banco de Productos de Apoyo (BPA) y el Servicio de Ortopedia ELA.<\/p>\n<p>Ambos servicios buscan dar a las personas afectadas de ELA\/EMN y sus familias respuesta a la gran necesidad que tienen de materiales de apoyo y de comunicaci\u00f3n alternativa, pudiendo disponer de los mismos en el momento necesario, y siendo asesorados profesionalmente a trav\u00e9s del equipo de Terapia Ocupacional de la Fundaci\u00f3n.[\/vc_column_text][\/vc_column][\/vc_row][vc_row full_width=\u00bbstretch_row_content_no_spaces\u00bb equal_height=\u00bbyes\u00bb content_placement=\u00bbmiddle\u00bb][vc_column width=\u00bb1\/4&#8243;][\/vc_column][vc_column parallax=\u00bbcontent-moving\u00bb width=\u00bb1\/4&#8243; css=\u00bb.vc_custom_1615195789083{background-image: url(https:\/\/fundaciomiquelvalls.org\/wp-content\/uploads\/2021\/03\/BANC-DE-PRODUCTES.jpg?id=1824) !important;background-position: center !important;background-repeat: no-repeat !important;background-size: cover !important;}\u00bb][vc_empty_space height=\u00bb112px\u00bb][vc_btn title=\u00bbBANCO DE PRODUCTOS DE APOYO\u00bb style=\u00bbcustom\u00bb custom_background=\u00bb#b0d90b\u00bb custom_text=\u00bb#ffffff\u00bb shape=\u00bbround\u00bb size=\u00bblg\u00bb align=\u00bbcenter\u00bb link=\u00bburl:https%3A%2F%2Ffundaciomiquelvalls.org%2Fbanc-de-productes-de-suport%2F|title:Banc%20de%20Productes%20de%20Suport\u00bb][vc_empty_space height=\u00bb112px\u00bb][\/vc_column][vc_column parallax=\u00bbcontent-moving\u00bb width=\u00bb1\/4&#8243; css=\u00bb.vc_custom_1774514845326{background-image: url(https:\/\/fundaciomiquelvalls.org\/wp-content\/uploads\/2026\/03\/Ortopedia-ELA-bn-scaled.jpg?id=10027) !important;background-position: center !important;background-repeat: no-repeat !important;background-size: cover !important;}\u00bb][vc_empty_space height=\u00bb112px\u00bb][vc_btn title=\u00bbSERVICIO DE ORTOPEDIA ELA\u00bb style=\u00bbcustom\u00bb custom_background=\u00bb#b0d90b\u00bb custom_text=\u00bb#ffffff\u00bb shape=\u00bbround\u00bb size=\u00bblg\u00bb align=\u00bbcenter\u00bb link=\u00bburl:https%3A%2F%2Ffundaciomiquelvalls.org%2Fes%2Fatencion-afectados-ela%2F%23ortopedia-ela|title:Ortop%C3%A8dia%20ELA\u00bb][vc_empty_space height=\u00bb112px\u00bb][\/vc_column][vc_column width=\u00bb1\/4&#8243;][\/vc_column][\/vc_row]<\/p>\n","protected":false},"excerpt":{"rendered":"<p>[vc_row][vc_column][vc_column_text]La Atenci\u00f3n en Terapia Ocupacional est\u00e1 destinada a atender a las personas afectadas que debido a la ELA\/EMN que presentan dependencia y dificultades en la realizaci\u00f3n de las Actividades de la Vida Diaria (AVD). Las tareas principales del equipo de terapeutas ocupacionales de la Fundaci\u00f3n son: ASESORAMIENTO E INFORMACI\u00d3N sobre productos t\u00e9cnicos de apoyo necesarios y su correspondiente manejo para potenciar la autonom\u00eda (sillas de ruedas el\u00e9ctricas, gr\u00faas de transferencia, material de comunicaci\u00f3n alternativa, camas, sillones elevadores, etc.). SUPRESI\u00d3N DE BARRERAS ARQUITECT\u00d3NICAS y la adaptaci\u00f3n de la vivienda. REEDUCACI\u00d3N EN LAS ACTIVIDADES DE LA VIDA DIARIA, orientando en las transferencias y asesorando en los sistemas de acceso adaptado al ordenador y de comunicaci\u00f3n alternativa. La Fundaci\u00f3n tambi\u00e9n pone a disposici\u00f3n de las familias afectadas de ELA\/EMN el Banco de Productos de Apoyo (BPA) y el Servicio de Ortopedia ELA. Ambos servicios buscan dar a las personas afectadas de ELA\/EMN y sus familias respuesta a la gran necesidad que tienen de materiales de apoyo y de comunicaci\u00f3n alternativa, pudiendo disponer de los mismos en el momento necesario, y siendo asesorados profesionalmente a trav\u00e9s del equipo de Terapia Ocupacional de la Fundaci\u00f3n.[\/vc_column_text][\/vc_column][\/vc_row][vc_row full_width=\u00bbstretch_row_content_no_spaces\u00bb equal_height=\u00bbyes\u00bb content_placement=\u00bbmiddle\u00bb][vc_column width=\u00bb1\/4&#8243;][\/vc_column][vc_column parallax=\u00bbcontent-moving\u00bb width=\u00bb1\/4&#8243; css=\u00bb.vc_custom_1615195789083{background-image: url(https:\/\/fundaciomiquelvalls.org\/wp-content\/uploads\/2021\/03\/BANC-DE-PRODUCTES.jpg?id=1824) !important;background-position: center !important;background-repeat: no-repeat !important;background-size: cover !important;}\u00bb][vc_empty_space height=\u00bb112px\u00bb][vc_btn title=\u00bbBANCO DE PRODUCTOS DE APOYO\u00bb style=\u00bbcustom\u00bb custom_background=\u00bb#b0d90b\u00bb custom_text=\u00bb#ffffff\u00bb shape=\u00bbround\u00bb size=\u00bblg\u00bb align=\u00bbcenter\u00bb link=\u00bburl:https%3A%2F%2Ffundaciomiquelvalls.org%2Fbanc-de-productes-de-suport%2F|title:Banc%20de%20Productes%20de%20Suport\u00bb][vc_empty_space height=\u00bb112px\u00bb][\/vc_column][vc_column parallax=\u00bbcontent-moving\u00bb width=\u00bb1\/4&#8243; css=\u00bb.vc_custom_1774514845326{background-image: url(https:\/\/fundaciomiquelvalls.org\/wp-content\/uploads\/2026\/03\/Ortopedia-ELA-bn-scaled.jpg?id=10027) !important;background-position: center !important;background-repeat: no-repeat !important;background-size: cover !important;}\u00bb][vc_empty_space height=\u00bb112px\u00bb][vc_btn title=\u00bbSERVICIO DE ORTOPEDIA ELA\u00bb style=\u00bbcustom\u00bb custom_background=\u00bb#b0d90b\u00bb custom_text=\u00bb#ffffff\u00bb shape=\u00bbround\u00bb size=\u00bblg\u00bb align=\u00bbcenter\u00bb link=\u00bburl:https%3A%2F%2Ffundaciomiquelvalls.org%2Fes%2Fatencion-afectados-ela%2F%23ortopedia-ela|title:Ortop%C3%A8dia%20ELA\u00bb][vc_empty_space height=\u00bb112px\u00bb][\/vc_column][vc_column width=\u00bb1\/4&#8243;][\/vc_column][\/vc_row]<\/p>\n","protected":false},"author":1,"featured_media":0,"parent":0,"menu_order":0,"comment_status":"closed","ping_status":"closed","template":"","meta":{"footnotes":""},"class_list":["post-3058","page","type-page","status-publish","hentry"],"yoast_head":"<!-- This site is optimized with the Yoast SEO plugin v26.9 - https:\/\/yoast.com\/product\/yoast-seo-wordpress\/ -->\n<title>Atenci\u00f3n en Terapia Ocupacional - Fundaci\u00f3 Catalana d&#039;ELA Miquel Valls<\/title>\n<meta name=\"robots\" content=\"index, follow, max-snippet:-1, max-image-preview:large, max-video-preview:-1\" \/>\n<link rel=\"canonical\" href=\"https:\/\/fundaciomiquelvalls.org\/es\/atencio-en-terapia-ocupacional\/\" \/>\n<meta property=\"og:locale\" content=\"es_ES\" \/>\n<meta property=\"og:type\" content=\"article\" \/>\n<meta property=\"og:title\" content=\"Atenci\u00f3n en Terapia Ocupacional - Fundaci\u00f3 Catalana d&#039;ELA Miquel Valls\" \/>\n<meta property=\"og:description\" content=\"[vc_row][vc_column][vc_column_text]La Atenci\u00f3n en Terapia Ocupacional est\u00e1 destinada a atender a las personas afectadas que debido a la ELA\/EMN que presentan dependencia y dificultades en la realizaci\u00f3n de las Actividades de la Vida Diaria (AVD). Las tareas principales del equipo de terapeutas ocupacionales de la Fundaci\u00f3n son: ASESORAMIENTO E INFORMACI\u00d3N sobre productos t\u00e9cnicos de apoyo necesarios y su correspondiente manejo para potenciar la autonom\u00eda (sillas de ruedas el\u00e9ctricas, gr\u00faas de transferencia, material de comunicaci\u00f3n alternativa, camas, sillones elevadores, etc.). SUPRESI\u00d3N DE BARRERAS ARQUITECT\u00d3NICAS y la adaptaci\u00f3n de la vivienda. REEDUCACI\u00d3N EN LAS ACTIVIDADES DE LA VIDA DIARIA, orientando en las transferencias y asesorando en los sistemas de acceso adaptado al ordenador y de comunicaci\u00f3n alternativa. La Fundaci\u00f3n tambi\u00e9n pone a disposici\u00f3n de las familias afectadas de ELA\/EMN el Banco de Productos de Apoyo (BPA) y el Servicio de Ortopedia ELA. Ambos servicios buscan dar a las personas afectadas de ELA\/EMN y sus familias respuesta a la gran necesidad que tienen de materiales de apoyo y de comunicaci\u00f3n alternativa, pudiendo disponer de los mismos en el momento necesario, y siendo asesorados profesionalmente a trav\u00e9s del equipo de Terapia Ocupacional de la Fundaci\u00f3n.[\/vc_column_text][\/vc_column][\/vc_row][vc_row full_width=\u00bbstretch_row_content_no_spaces\u00bb equal_height=\u00bbyes\u00bb content_placement=\u00bbmiddle\u00bb][vc_column width=\u00bb1\/4&#8243;][\/vc_column][vc_column parallax=\u00bbcontent-moving\u00bb width=\u00bb1\/4&#8243; css=\u00bb.vc_custom_1615195789083{background-image: url(https:\/\/fundaciomiquelvalls.org\/wp-content\/uploads\/2021\/03\/BANC-DE-PRODUCTES.jpg?id=1824) !important;background-position: center !important;background-repeat: no-repeat !important;background-size: cover !important;}\u00bb][vc_empty_space height=\u00bb112px\u00bb][vc_btn title=\u00bbBANCO DE PRODUCTOS DE APOYO\u00bb style=\u00bbcustom\u00bb custom_background=\u00bb#b0d90b\u00bb custom_text=\u00bb#ffffff\u00bb shape=\u00bbround\u00bb size=\u00bblg\u00bb align=\u00bbcenter\u00bb link=\u00bburl:https%3A%2F%2Ffundaciomiquelvalls.org%2Fbanc-de-productes-de-suport%2F|title:Banc%20de%20Productes%20de%20Suport\u00bb][vc_empty_space height=\u00bb112px\u00bb][\/vc_column][vc_column parallax=\u00bbcontent-moving\u00bb width=\u00bb1\/4&#8243; css=\u00bb.vc_custom_1774514845326{background-image: url(https:\/\/fundaciomiquelvalls.org\/wp-content\/uploads\/2026\/03\/Ortopedia-ELA-bn-scaled.jpg?id=10027) !important;background-position: center !important;background-repeat: no-repeat !important;background-size: cover !important;}\u00bb][vc_empty_space height=\u00bb112px\u00bb][vc_btn title=\u00bbSERVICIO DE ORTOPEDIA ELA\u00bb style=\u00bbcustom\u00bb custom_background=\u00bb#b0d90b\u00bb custom_text=\u00bb#ffffff\u00bb shape=\u00bbround\u00bb size=\u00bblg\u00bb align=\u00bbcenter\u00bb link=\u00bburl:https%3A%2F%2Ffundaciomiquelvalls.org%2Fes%2Fatencion-afectados-ela%2F%23ortopedia-ela|title:Ortop%C3%A8dia%20ELA\u00bb][vc_empty_space height=\u00bb112px\u00bb][\/vc_column][vc_column width=\u00bb1\/4&#8243;][\/vc_column][\/vc_row]\" \/>\n<meta property=\"og:url\" content=\"https:\/\/fundaciomiquelvalls.org\/es\/atencio-en-terapia-ocupacional\/\" \/>\n<meta property=\"og:site_name\" content=\"Fundaci\u00f3 Catalana d&#039;ELA Miquel Valls\" \/>\n<meta property=\"article:modified_time\" content=\"2026-03-26T08:48:16+00:00\" \/>\n<meta name=\"twitter:card\" content=\"summary_large_image\" \/>\n<meta name=\"twitter:label1\" content=\"Tiempo de lectura\" \/>\n\t<meta name=\"twitter:data1\" content=\"2 minutos\" \/>\n<script type=\"application\/ld+json\" class=\"yoast-schema-graph\">{\"@context\":\"https:\/\/schema.org\",\"@graph\":[{\"@type\":\"WebPage\",\"@id\":\"https:\/\/fundaciomiquelvalls.org\/es\/atencio-en-terapia-ocupacional\/\",\"url\":\"https:\/\/fundaciomiquelvalls.org\/es\/atencio-en-terapia-ocupacional\/\",\"name\":\"Atenci\u00f3n en Terapia Ocupacional - Fundaci\u00f3 Catalana d&#039;ELA Miquel Valls\",\"isPartOf\":{\"@id\":\"https:\/\/fundaciomiquelvalls.org\/#website\"},\"datePublished\":\"2021-03-08T09:40:00+00:00\",\"dateModified\":\"2026-03-26T08:48:16+00:00\",\"breadcrumb\":{\"@id\":\"https:\/\/fundaciomiquelvalls.org\/es\/atencio-en-terapia-ocupacional\/#breadcrumb\"},\"inLanguage\":\"es\",\"potentialAction\":[{\"@type\":\"ReadAction\",\"target\":[\"https:\/\/fundaciomiquelvalls.org\/es\/atencio-en-terapia-ocupacional\/\"]}]},{\"@type\":\"BreadcrumbList\",\"@id\":\"https:\/\/fundaciomiquelvalls.org\/es\/atencio-en-terapia-ocupacional\/#breadcrumb\",\"itemListElement\":[{\"@type\":\"ListItem\",\"position\":1,\"name\":\"Portada\",\"item\":\"https:\/\/fundaciomiquelvalls.org\/es\/\"},{\"@type\":\"ListItem\",\"position\":2,\"name\":\"Atenci\u00f3n en Terapia Ocupacional\"}]},{\"@type\":\"WebSite\",\"@id\":\"https:\/\/fundaciomiquelvalls.org\/#website\",\"url\":\"https:\/\/fundaciomiquelvalls.org\/\",\"name\":\"Fundaci\u00f3 Catalana d&#039;ELA Miquel Valls\",\"description\":\"Treballem per millorar la qualitat de vida de les persones afectades d&#039;ELA i Malaltia de Motoneurona\",\"potentialAction\":[{\"@type\":\"SearchAction\",\"target\":{\"@type\":\"EntryPoint\",\"urlTemplate\":\"https:\/\/fundaciomiquelvalls.org\/?s={search_term_string}\"},\"query-input\":{\"@type\":\"PropertyValueSpecification\",\"valueRequired\":true,\"valueName\":\"search_term_string\"}}],\"inLanguage\":\"es\"}]}<\/script>\n<!-- \/ Yoast SEO plugin. -->","yoast_head_json":{"title":"Atenci\u00f3n en Terapia Ocupacional - Fundaci\u00f3 Catalana d&#039;ELA Miquel Valls","robots":{"index":"index","follow":"follow","max-snippet":"max-snippet:-1","max-image-preview":"max-image-preview:large","max-video-preview":"max-video-preview:-1"},"canonical":"https:\/\/fundaciomiquelvalls.org\/es\/atencio-en-terapia-ocupacional\/","og_locale":"es_ES","og_type":"article","og_title":"Atenci\u00f3n en Terapia Ocupacional - Fundaci\u00f3 Catalana d&#039;ELA Miquel Valls","og_description":"[vc_row][vc_column][vc_column_text]La Atenci\u00f3n en Terapia Ocupacional est\u00e1 destinada a atender a las personas afectadas que debido a la ELA\/EMN que presentan dependencia y dificultades en la realizaci\u00f3n de las Actividades de la Vida Diaria (AVD). Las tareas principales del equipo de terapeutas ocupacionales de la Fundaci\u00f3n son: ASESORAMIENTO E INFORMACI\u00d3N sobre productos t\u00e9cnicos de apoyo necesarios y su correspondiente manejo para potenciar la autonom\u00eda (sillas de ruedas el\u00e9ctricas, gr\u00faas de transferencia, material de comunicaci\u00f3n alternativa, camas, sillones elevadores, etc.). SUPRESI\u00d3N DE BARRERAS ARQUITECT\u00d3NICAS y la adaptaci\u00f3n de la vivienda. REEDUCACI\u00d3N EN LAS ACTIVIDADES DE LA VIDA DIARIA, orientando en las transferencias y asesorando en los sistemas de acceso adaptado al ordenador y de comunicaci\u00f3n alternativa. La Fundaci\u00f3n tambi\u00e9n pone a disposici\u00f3n de las familias afectadas de ELA\/EMN el Banco de Productos de Apoyo (BPA) y el Servicio de Ortopedia ELA. Ambos servicios buscan dar a las personas afectadas de ELA\/EMN y sus familias respuesta a la gran necesidad que tienen de materiales de apoyo y de comunicaci\u00f3n alternativa, pudiendo disponer de los mismos en el momento necesario, y siendo asesorados profesionalmente a trav\u00e9s del equipo de Terapia Ocupacional de la Fundaci\u00f3n.[\/vc_column_text][\/vc_column][\/vc_row][vc_row full_width=\u00bbstretch_row_content_no_spaces\u00bb equal_height=\u00bbyes\u00bb content_placement=\u00bbmiddle\u00bb][vc_column width=\u00bb1\/4&#8243;][\/vc_column][vc_column parallax=\u00bbcontent-moving\u00bb width=\u00bb1\/4&#8243; css=\u00bb.vc_custom_1615195789083{background-image: url(https:\/\/fundaciomiquelvalls.org\/wp-content\/uploads\/2021\/03\/BANC-DE-PRODUCTES.jpg?id=1824) !important;background-position: center !important;background-repeat: no-repeat !important;background-size: cover !important;}\u00bb][vc_empty_space height=\u00bb112px\u00bb][vc_btn title=\u00bbBANCO DE PRODUCTOS DE APOYO\u00bb style=\u00bbcustom\u00bb custom_background=\u00bb#b0d90b\u00bb custom_text=\u00bb#ffffff\u00bb shape=\u00bbround\u00bb size=\u00bblg\u00bb align=\u00bbcenter\u00bb link=\u00bburl:https%3A%2F%2Ffundaciomiquelvalls.org%2Fbanc-de-productes-de-suport%2F|title:Banc%20de%20Productes%20de%20Suport\u00bb][vc_empty_space height=\u00bb112px\u00bb][\/vc_column][vc_column parallax=\u00bbcontent-moving\u00bb width=\u00bb1\/4&#8243; css=\u00bb.vc_custom_1774514845326{background-image: url(https:\/\/fundaciomiquelvalls.org\/wp-content\/uploads\/2026\/03\/Ortopedia-ELA-bn-scaled.jpg?id=10027) !important;background-position: center !important;background-repeat: no-repeat !important;background-size: cover !important;}\u00bb][vc_empty_space height=\u00bb112px\u00bb][vc_btn title=\u00bbSERVICIO DE ORTOPEDIA ELA\u00bb style=\u00bbcustom\u00bb custom_background=\u00bb#b0d90b\u00bb custom_text=\u00bb#ffffff\u00bb shape=\u00bbround\u00bb size=\u00bblg\u00bb align=\u00bbcenter\u00bb link=\u00bburl:https%3A%2F%2Ffundaciomiquelvalls.org%2Fes%2Fatencion-afectados-ela%2F%23ortopedia-ela|title:Ortop%C3%A8dia%20ELA\u00bb][vc_empty_space height=\u00bb112px\u00bb][\/vc_column][vc_column width=\u00bb1\/4&#8243;][\/vc_column][\/vc_row]","og_url":"https:\/\/fundaciomiquelvalls.org\/es\/atencio-en-terapia-ocupacional\/","og_site_name":"Fundaci\u00f3 Catalana d&#039;ELA Miquel Valls","article_modified_time":"2026-03-26T08:48:16+00:00","twitter_card":"summary_large_image","twitter_misc":{"Tiempo de lectura":"2 minutos"},"schema":{"@context":"https:\/\/schema.org","@graph":[{"@type":"WebPage","@id":"https:\/\/fundaciomiquelvalls.org\/es\/atencio-en-terapia-ocupacional\/","url":"https:\/\/fundaciomiquelvalls.org\/es\/atencio-en-terapia-ocupacional\/","name":"Atenci\u00f3n en Terapia Ocupacional - Fundaci\u00f3 Catalana d&#039;ELA Miquel Valls","isPartOf":{"@id":"https:\/\/fundaciomiquelvalls.org\/#website"},"datePublished":"2021-03-08T09:40:00+00:00","dateModified":"2026-03-26T08:48:16+00:00","breadcrumb":{"@id":"https:\/\/fundaciomiquelvalls.org\/es\/atencio-en-terapia-ocupacional\/#breadcrumb"},"inLanguage":"es","potentialAction":[{"@type":"ReadAction","target":["https:\/\/fundaciomiquelvalls.org\/es\/atencio-en-terapia-ocupacional\/"]}]},{"@type":"BreadcrumbList","@id":"https:\/\/fundaciomiquelvalls.org\/es\/atencio-en-terapia-ocupacional\/#breadcrumb","itemListElement":[{"@type":"ListItem","position":1,"name":"Portada","item":"https:\/\/fundaciomiquelvalls.org\/es\/"},{"@type":"ListItem","position":2,"name":"Atenci\u00f3n en Terapia Ocupacional"}]},{"@type":"WebSite","@id":"https:\/\/fundaciomiquelvalls.org\/#website","url":"https:\/\/fundaciomiquelvalls.org\/","name":"Fundaci\u00f3 Catalana d&#039;ELA Miquel Valls","description":"Treballem per millorar la qualitat de vida de les persones afectades d&#039;ELA i Malaltia de Motoneurona","potentialAction":[{"@type":"SearchAction","target":{"@type":"EntryPoint","urlTemplate":"https:\/\/fundaciomiquelvalls.org\/?s={search_term_string}"},"query-input":{"@type":"PropertyValueSpecification","valueRequired":true,"valueName":"search_term_string"}}],"inLanguage":"es"}]}},"_links":{"self":[{"href":"https:\/\/fundaciomiquelvalls.org\/es\/wp-json\/wp\/v2\/pages\/3058","targetHints":{"allow":["GET"]}}],"collection":[{"href":"https:\/\/fundaciomiquelvalls.org\/es\/wp-json\/wp\/v2\/pages"}],"about":[{"href":"https:\/\/fundaciomiquelvalls.org\/es\/wp-json\/wp\/v2\/types\/page"}],"author":[{"embeddable":true,"href":"https:\/\/fundaciomiquelvalls.org\/es\/wp-json\/wp\/v2\/users\/1"}],"replies":[{"embeddable":true,"href":"https:\/\/fundaciomiquelvalls.org\/es\/wp-json\/wp\/v2\/comments?post=3058"}],"version-history":[{"count":4,"href":"https:\/\/fundaciomiquelvalls.org\/es\/wp-json\/wp\/v2\/pages\/3058\/revisions"}],"predecessor-version":[{"id":10029,"href":"https:\/\/fundaciomiquelvalls.org\/es\/wp-json\/wp\/v2\/pages\/3058\/revisions\/10029"}],"wp:attachment":[{"href":"https:\/\/fundaciomiquelvalls.org\/es\/wp-json\/wp\/v2\/media?parent=3058"}],"curies":[{"name":"wp","href":"https:\/\/api.w.org\/{rel}","templated":true}]}}